{"id":22072,"date":"2024-03-18T10:26:02","date_gmt":"2024-03-18T09:26:02","guid":{"rendered":"https:\/\/www.aqualuxhotel.com\/?page_id=22072"},"modified":"2026-03-02T11:27:55","modified_gmt":"2026-03-02T10:27:55","slug":"day-use","status":"publish","type":"page","link":"https:\/\/www.aqualuxhotel.com\/de\/day-use\/","title":{"rendered":"Day Use"},"content":{"rendered":"<div class=\"wpb-content-wrapper\">[vc_row full_width=&#8220;stretch_row_content_no_spaces&#8220; css=&#8220;.vc_custom_1654072316048{margin-top: 0px !important;margin-bottom: 0px !important;padding-top: 0px !important;padding-bottom: 0px !important;background-position: center !important;background-repeat: no-repeat !important;background-size: cover !important;}&#8220;][vc_column css=&#8220;.vc_custom_1647518441082{margin-top: 0px !important;margin-bottom: 0px !important;padding-top: 20px !important;padding-bottom: 0px !important;}&#8220;][vc_column_text css=&#8220;&#8220;]\n<h3 style=\"text-align: center;\">WELLNESS&amp;SPA-PAKETE ZUR TAGESNUTZUNG MIT ZIMMER<\/h3>\n<p style=\"text-align: center;\">G\u00f6nnen Sie sich einen Moment der Ruhe mit unseren exklusiven Day Use Angeboten.<br \/>\n<b data-path-to-node=\"4,0\" data-index-in-node=\"81\">G\u00fcltigkeit: Montag bis Freitag, 10:00 \u2013 20:00 Uhr. Sonntags, 15:00 \u2013 20:00 Uhr, nur f\u00fcr spezifische Pakete.<\/b><\/p>\n[\/vc_column_text][\/vc_column][\/vc_row][vc_row full_width=&#8220;stretch_row_content_no_spaces&#8220; css=&#8220;.vc_custom_1647518429626{margin-top: 0px !important;margin-bottom: 0px !important;padding-top: 0px !important;padding-bottom: 0px !important;background-color: #d3cdcb !important;background-position: center !important;background-repeat: no-repeat !important;background-size: cover !important;}&#8220;][vc_column width=&#8220;1\/2&#8243; css=&#8220;.vc_custom_1647518441082{margin-top: 0px !important;margin-bottom: 0px !important;padding-top: 20px !important;padding-bottom: 0px !important;}&#8220;][vc_single_image image=&#8220;16003&#8243; img_size=&#8220;full&#8220; alignment=&#8220;center&#8220;][\/vc_column][vc_column width=&#8220;1\/2&#8243; css=&#8220;.vc_custom_1647518450489{margin-top: 0px !important;margin-bottom: 0px !important;padding-top: 0px !important;padding-bottom: 0px !important;}&#8220;][vc_empty_space height=&#8220;40px&#8220;][vc_column_text css=&#8220;.vc_custom_1728287442815{padding-right: 30px !important;padding-left: 30px !important;}&#8220;]\n<h3>COMFORT DAY USE<\/h3>\n<h4>VON 10:00 BIS 20:00 UHR | G\u00dcLTIG VON MONTAG BIS EINSCHLIESSLICH FREITAG<\/h4>\n<p>\u2665 Ein sch\u00f6nes Doppelzimmer<br \/>\n\u2665 Zugang zu unserem <strong>AquaExperience<\/strong>, wo unsere Au\u00dfen- und Innenbecken (6 f\u00fcr Erwachsene und 2 f\u00fcr Kinder) Sie dank der Eigenschaften unseres Thermalwassers verw\u00f6hnen werden, das reich an Kalzium und Magnesium und bakteriologisch rein ist, was es besonders f\u00fcr die Balneotherapie geeignet macht. Auch unser Wasser tut der Haut durch ein nat\u00fcrliches Peeling gut und schenkt ein allgemeines Wohlgef\u00fchl.<br \/>\n\u2665 Zugang zu den Saunen[\/vc_column_text][vc_row_inner][vc_column_inner width=&#8220;1\/4&#8243;][\/vc_column_inner][vc_column_inner width=&#8220;1\/2&#8243;][vc_column_text css=&#8220;.vc_custom_1770722369467{padding-top: 20px !important;padding-right: 20px !important;padding-bottom: 20px !important;padding-left: 20px !important;background-color: #b3acaa !important;}&#8220;]\n<p style=\"text-align: center;\"><strong><span style=\"color: #ffffff;\">NEBENSAISON 130,00 \u20ac PRO ZIMMER<\/span><\/strong><br \/>\n<strong><span style=\"color: #ffffff;\">(Sonntag von 15:00 bis 20:00 Uhr 110,00 \u20ac pro Zimmer)<\/span><\/strong><\/p>\n<p style=\"text-align: center;\"><strong><span style=\"color: #ffffff;\">ZWISCHENSAISON 150,00 \u20ac PRO ZIMMER<\/span><\/strong><\/p>\n<p style=\"text-align: center;\"><strong><span style=\"color: #ffffff;\">HOCHSAISON 200,00 \u20ac PRO ZIMMER<\/span><\/strong><\/p>\n[\/vc_column_text][vc_column_text css=&#8220;&#8220;]\n<p style=\"text-align: center;\"><em>Die Verf\u00fcgbarkeit der Pakete ist begrenzt und die Preise k\u00f6nnen je nach Saison und Auslastung variieren.<\/em><\/p>\n[\/vc_column_text][\/vc_column_inner][vc_column_inner width=&#8220;1\/4&#8243;][\/vc_column_inner][\/vc_row_inner][\/vc_column][\/vc_row][vc_row full_width=&#8220;stretch_row_content_no_spaces&#8220; css=&#8220;.vc_custom_1647592502254{margin-top: 0px !important;margin-bottom: 0px !important;padding-top: 0px !important;padding-bottom: 0px !important;background-position: center !important;background-repeat: no-repeat !important;background-size: cover !important;}&#8220;][vc_column width=&#8220;1\/2&#8243; css=&#8220;.vc_custom_1647518441082{margin-top: 0px !important;margin-bottom: 0px !important;padding-top: 20px !important;padding-bottom: 0px !important;}&#8220;][vc_single_image image=&#8220;16012&#8243; img_size=&#8220;full&#8220; alignment=&#8220;center&#8220;][\/vc_column][vc_column width=&#8220;1\/2&#8243; css=&#8220;.vc_custom_1647518450489{margin-top: 0px !important;margin-bottom: 0px !important;padding-top: 0px !important;padding-bottom: 0px !important;}&#8220;][vc_empty_space height=&#8220;40px&#8220;][vc_column_text css=&#8220;.vc_custom_1728287461689{padding-right: 30px !important;padding-left: 30px !important;}&#8220;]\n<h3>DAY USE + LIGHT LUNCH<\/h3>\n<h4>VON 10:00 BIS 20:00 UHR | G\u00dcLTIG VON MONTAG BIS EINSCHLIESSLICH FREITAG<\/h4>\n<p>\u2665 Ein sch\u00f6nes Doppelzimmer<br \/>\n\u2665 Zugang zu unserem <strong>AquaExperience<\/strong>, wo unsere Au\u00dfen- und Innenbecken (6 f\u00fcr Erwachsene und 2 f\u00fcr Kinder) Sie dank der Eigenschaften unseres Thermalwassers verw\u00f6hnen werden, das reich an Kalzium und Magnesium und bakteriologisch rein ist, was es besonders f\u00fcr die Balneotherapie geeignet macht. Auch unser Wasser tut der Haut durch ein nat\u00fcrliches Peeling gut und schenkt ein allgemeines Wohlgef\u00fchl.<br \/>\n\u2665 Zugang zu den Saunen<br \/>\n\u2665 <strong>1 leichtes Mittagessen<\/strong> (Getr\u00e4nke nicht inbegriffen) in der Sparkling Lounge Bar[\/vc_column_text][vc_row_inner][vc_column_inner width=&#8220;1\/4&#8243;][\/vc_column_inner][vc_column_inner width=&#8220;1\/2&#8243;][vc_column_text css=&#8220;.vc_custom_1770722391682{padding-top: 20px !important;padding-right: 20px !important;padding-bottom: 20px !important;padding-left: 20px !important;background-color: #b3acaa !important;}&#8220;]\n<p style=\"text-align: center;\"><strong><span style=\"color: #ffffff;\">NEBENSAISON 174,00 \u20ac PRO ZIMMER<\/span><\/strong><\/p>\n<p style=\"text-align: center;\"><strong><span style=\"color: #ffffff;\">ZWISCHENSAISON 194,00 \u20ac PRO ZIMMER<\/span><\/strong><\/p>\n<p style=\"text-align: center;\"><strong><span style=\"color: #ffffff;\">HOCHSAISON 244,00 \u20ac PRO ZIMMER<\/span><\/strong><\/p>\n[\/vc_column_text][vc_column_text css=&#8220;&#8220;]\n<p style=\"text-align: center;\"><em>Die Verf\u00fcgbarkeit der Pakete ist begrenzt und die Preise k\u00f6nnen je nach Saison und Auslastung variieren.<\/em><\/p>\n[\/vc_column_text][\/vc_column_inner][vc_column_inner width=&#8220;1\/4&#8243;][\/vc_column_inner][\/vc_row_inner][\/vc_column][\/vc_row][vc_row full_width=&#8220;stretch_row_content_no_spaces&#8220; css=&#8220;.vc_custom_1772447264869{margin-top: 0px !important;margin-bottom: 0px !important;padding-top: 0px !important;padding-bottom: 0px !important;background-color: #D3CECB !important;background-position: center !important;background-repeat: no-repeat !important;background-size: cover !important;}&#8220;][vc_column width=&#8220;1\/2&#8243; css=&#8220;.vc_custom_1647518441082{margin-top: 0px !important;margin-bottom: 0px !important;padding-top: 20px !important;padding-bottom: 0px !important;}&#8220;][vc_single_image image=&#8220;16006&#8243; img_size=&#8220;full&#8220; alignment=&#8220;center&#8220;][\/vc_column][vc_column width=&#8220;1\/2&#8243; css=&#8220;.vc_custom_1647518450489{margin-top: 0px !important;margin-bottom: 0px !important;padding-top: 0px !important;padding-bottom: 0px !important;}&#8220;][vc_empty_space height=&#8220;40px&#8220;][vc_column_text css=&#8220;.vc_custom_1728287504087{padding-right: 30px !important;padding-left: 30px !important;}&#8220;]\n<h3>DAY USE + CANDLE MASSAGE<\/h3>\n<h4>VON 10:00 BIS 20:00 UHR | G\u00dcLTIG VON MONTAG BIS EINSCHLIESSLICH FREITAG<\/h4>\n<p>\u2665 Ein sch\u00f6nes Doppelzimmer<br \/>\n\u2665 Zugang zu unserem <strong>AquaExperience<\/strong>, wo unsere Au\u00dfen- und Innenbecken (6 f\u00fcr Erwachsene und 2 f\u00fcr Kinder) Sie dank der Eigenschaften unseres Thermalwassers verw\u00f6hnen werden, das reich an Kalzium und Magnesium und bakteriologisch rein ist, was es besonders f\u00fcr die Balneotherapie geeignet macht. Auch unser Wasser tut der Haut durch ein nat\u00fcrliches Peeling gut und schenkt ein allgemeines Wohlgef\u00fchl.<br \/>\n\u2665 Zugang zu den Saunen<br \/>\n\u2665 <strong>1 Kerzenmassage pro Person<\/strong>[\/vc_column_text][vc_row_inner][vc_column_inner width=&#8220;1\/4&#8243;][\/vc_column_inner][vc_column_inner width=&#8220;1\/2&#8243;][vc_column_text css=&#8220;.vc_custom_1770722425987{padding-top: 20px !important;padding-right: 20px !important;padding-bottom: 20px !important;padding-left: 20px !important;background-color: #b3acaa !important;}&#8220;]\n<p style=\"text-align: center;\"><strong><span style=\"color: #ffffff;\">NEBENSAISON 280,00 \u20ac PRO ZIMMER<\/span><\/strong><br \/>\n<strong><span style=\"color: #ffffff;\">(Sonntag von 15:00 bis 20:00 Uhr 260,00 \u20ac pro Zimmer)<\/span><\/strong><\/p>\n<p style=\"text-align: center;\"><strong><span style=\"color: #ffffff;\">ZWISCHENSAISON 300,00 \u20ac PRO ZIMMER<\/span><\/strong><\/p>\n<p style=\"text-align: center;\"><strong><span style=\"color: #ffffff;\">HOCHSAISON 350,00 \u20ac PRO ZIMMER<\/span><\/strong><\/p>\n[\/vc_column_text][vc_column_text css=&#8220;&#8220;]\n<p style=\"text-align: center;\"><em>Die Verf\u00fcgbarkeit der Pakete ist begrenzt und die Preise k\u00f6nnen je nach Saison und Auslastung variieren.<\/em><\/p>\n[\/vc_column_text][\/vc_column_inner][vc_column_inner width=&#8220;1\/4&#8243;][\/vc_column_inner][\/vc_row_inner][\/vc_column][\/vc_row][vc_row full_width=&#8220;stretch_row_content_no_spaces&#8220; css=&#8220;.vc_custom_1772447271164{margin-top: 0px !important;margin-bottom: 0px !important;padding-top: 0px !important;padding-bottom: 0px !important;background-position: center !important;background-repeat: no-repeat !important;background-size: cover !important;}&#8220;][vc_column width=&#8220;1\/2&#8243; css=&#8220;.vc_custom_1647518441082{margin-top: 0px !important;margin-bottom: 0px !important;padding-top: 20px !important;padding-bottom: 0px !important;}&#8220;][vc_single_image image=&#8220;16015&#8243; img_size=&#8220;full&#8220; alignment=&#8220;center&#8220;][\/vc_column][vc_column width=&#8220;1\/2&#8243; css=&#8220;.vc_custom_1647518450489{margin-top: 0px !important;margin-bottom: 0px !important;padding-top: 0px !important;padding-bottom: 0px !important;}&#8220;][vc_empty_space height=&#8220;40px&#8220;][vc_column_text css=&#8220;.vc_custom_1740039020228{padding-right: 30px !important;padding-left: 30px !important;}&#8220;]\n<h3>DAY USE SPECIAL LOVERS<\/h3>\n<h4>VON 10:00 BIS 20:00 UHR | G\u00dcLTIG VON MONTAG BIS EINSCHLIESSLICH FREITAG<\/h4>\n<p>\u2665 Ein sch\u00f6nes Doppelzimmer<br \/>\n\u2665 Zugang zu unserem <strong>AquaExperience<\/strong>, wo unsere Au\u00dfen- und Innenbecken (6 f\u00fcr Erwachsene und 2 f\u00fcr Kinder) Sie dank der Eigenschaften unseres Thermalwassers verw\u00f6hnen werden, das reich an Kalzium und Magnesium und bakteriologisch rein ist, was es besonders f\u00fcr die Balneotherapie geeignet macht. Auch unser Wasser tut der Haut durch ein nat\u00fcrliches Peeling gut und schenkt ein allgemeines Wohlgef\u00fchl.<br \/>\n\u2665 Zugang zu den Saunen<br \/>\n\u2665 <strong>1 leichtes Mittagessen (Getr\u00e4nke nicht inbegriffen) in der Sparkling Lounge Bar<\/strong><br \/>\n\u2665 <strong>Lovedream (110 Min.): Paarmassage, privates SPA mit Obstteller und Gl\u00e4sern Prosecco<\/strong>[\/vc_column_text][vc_row_inner][vc_column_inner width=&#8220;1\/4&#8243;][\/vc_column_inner][vc_column_inner width=&#8220;1\/2&#8243;][vc_column_text css=&#8220;.vc_custom_1770722443874{padding-top: 20px !important;padding-right: 20px !important;padding-bottom: 20px !important;padding-left: 20px !important;background-color: #b3acaa !important;}&#8220;]\n<p style=\"text-align: center;\"><strong><span style=\"color: #ffffff;\">NEBENSAISON 364,00 \u20ac PRO ZIMMER<\/span><\/strong><br \/>\n<strong><span style=\"color: #ffffff;\">(Sonntag von 15:00 bis 20:00 Uhr 344,00 \u20ac pro Zimmer)<\/span><\/strong><\/p>\n<p style=\"text-align: center;\"><strong><span style=\"color: #ffffff;\">ZWISCHENSAISON 384,00 \u20ac PRO ZIMMER<\/span><\/strong><\/p>\n<p style=\"text-align: center;\"><strong><span style=\"color: #ffffff;\">HOCHSAISON 434,00 \u20ac PRO ZIMMER<\/span><\/strong><\/p>\n[\/vc_column_text][vc_column_text css=&#8220;&#8220;]\n<p style=\"text-align: center;\"><em>Die Verf\u00fcgbarkeit der Pakete ist begrenzt und die Preise k\u00f6nnen je nach Saison und Auslastung variieren.<\/em><\/p>\n[\/vc_column_text][\/vc_column_inner][vc_column_inner width=&#8220;1\/4&#8243;][\/vc_column_inner][\/vc_row_inner][\/vc_column][\/vc_row]\n<\/div>","protected":false},"excerpt":{"rendered":"<p>[vc_row full_width=&#8220;stretch_row_content_no_spaces&#8220; css=&#8220;.vc_custom_1654072316048{margin-top: 0px !important;margin-bottom: 0px !important;padding-top: 0px !important;padding-bottom: 0px !important;background-position: center !important;background-repeat: no-repeat !important;background-size: cover !important;}&#8220;][vc_column css=&#8220;.vc_custom_1647518441082{margin-top: 0px !important;margin-bottom:&#8230;<\/p>\n","protected":false},"author":2,"featured_media":0,"parent":0,"menu_order":0,"comment_status":"closed","ping_status":"closed","template":"","meta":{"_acf_changed":false,"inline_featured_image":false,"footnotes":""},"class_list":["post-22072","page","type-page","status-publish"],"acf":[],"yoast_head":"<!-- This site is optimized with the Yoast SEO plugin v27.5 - https:\/\/yoast.com\/product\/yoast-seo-wordpress\/ -->\n<title>Hotel day use con SPA lago di Garda<\/title>\n<meta name=\"description\" content=\"Day Use Hotel con SPA lago di Garda: Aqualux Hotel 4 stelle, un\u2019oasi di 1000mq dedicata alla cura del benessere dove abbandonarsi al relax\" \/>\n<meta name=\"robots\" content=\"index, follow, max-snippet:-1, max-image-preview:large, max-video-preview:-1\" \/>\n<link rel=\"canonical\" href=\"https:\/\/www.aqualuxhotel.com\/de\/day-use\/\" \/>\n<meta property=\"og:locale\" content=\"de_DE\" \/>\n<meta property=\"og:type\" content=\"article\" \/>\n<meta property=\"og:title\" content=\"Hotel day use con SPA lago di Garda\" \/>\n<meta property=\"og:description\" content=\"Day Use Hotel con SPA lago di Garda: Aqualux Hotel 4 stelle, un\u2019oasi di 1000mq dedicata alla cura del benessere dove abbandonarsi al relax\" \/>\n<meta property=\"og:url\" content=\"https:\/\/www.aqualuxhotel.com\/de\/day-use\/\" \/>\n<meta property=\"og:site_name\" content=\"Aqualux Hotel Suite &amp; SPA 4*\" \/>\n<meta property=\"article:modified_time\" content=\"2026-03-02T10:27:55+00:00\" \/>\n<meta name=\"twitter:card\" content=\"summary_large_image\" \/>\n<meta name=\"twitter:label1\" content=\"Gesch\u00e4tzte Lesezeit\" \/>\n\t<meta name=\"twitter:data1\" content=\"6\u00a0Minuten\" \/>\n<script type=\"application\/ld+json\" class=\"yoast-schema-graph\">{\"@context\":\"https:\\\/\\\/schema.org\",\"@graph\":[{\"@type\":\"WebPage\",\"@id\":\"https:\\\/\\\/www.aqualuxhotel.com\\\/de\\\/day-use\\\/\",\"url\":\"https:\\\/\\\/www.aqualuxhotel.com\\\/de\\\/day-use\\\/\",\"name\":\"Hotel day use con SPA lago di Garda\",\"isPartOf\":{\"@id\":\"https:\\\/\\\/www.aqualuxhotel.com\\\/de\\\/#website\"},\"datePublished\":\"2024-03-18T09:26:02+00:00\",\"dateModified\":\"2026-03-02T10:27:55+00:00\",\"description\":\"Day Use Hotel con SPA lago di Garda: Aqualux Hotel 4 stelle, un\u2019oasi di 1000mq dedicata alla cura del benessere dove abbandonarsi al relax\",\"breadcrumb\":{\"@id\":\"https:\\\/\\\/www.aqualuxhotel.com\\\/de\\\/day-use\\\/#breadcrumb\"},\"inLanguage\":\"de\",\"potentialAction\":[{\"@type\":\"ReadAction\",\"target\":[\"https:\\\/\\\/www.aqualuxhotel.com\\\/de\\\/day-use\\\/\"]}]},{\"@type\":\"BreadcrumbList\",\"@id\":\"https:\\\/\\\/www.aqualuxhotel.com\\\/de\\\/day-use\\\/#breadcrumb\",\"itemListElement\":[{\"@type\":\"ListItem\",\"position\":1,\"name\":\"Home\",\"item\":\"https:\\\/\\\/www.aqualuxhotel.com\\\/de\\\/\"},{\"@type\":\"ListItem\",\"position\":2,\"name\":\"Day Use\"}]},{\"@type\":\"WebSite\",\"@id\":\"https:\\\/\\\/www.aqualuxhotel.com\\\/de\\\/#website\",\"url\":\"https:\\\/\\\/www.aqualuxhotel.com\\\/de\\\/\",\"name\":\"Aqualux Hotel Suite &amp; SPA 4*\",\"description\":\"- Bardolino - Lago di Garda\u200e\",\"publisher\":{\"@id\":\"https:\\\/\\\/www.aqualuxhotel.com\\\/de\\\/#organization\"},\"potentialAction\":[{\"@type\":\"SearchAction\",\"target\":{\"@type\":\"EntryPoint\",\"urlTemplate\":\"https:\\\/\\\/www.aqualuxhotel.com\\\/de\\\/?s={search_term_string}\"},\"query-input\":{\"@type\":\"PropertyValueSpecification\",\"valueRequired\":true,\"valueName\":\"search_term_string\"}}],\"inLanguage\":\"de\"},{\"@type\":\"Organization\",\"@id\":\"https:\\\/\\\/www.aqualuxhotel.com\\\/de\\\/#organization\",\"name\":\"Aqualux Hotel Suite &amp; SPA 4*\",\"url\":\"https:\\\/\\\/www.aqualuxhotel.com\\\/de\\\/\",\"logo\":{\"@type\":\"ImageObject\",\"inLanguage\":\"de\",\"@id\":\"https:\\\/\\\/www.aqualuxhotel.com\\\/de\\\/#\\\/schema\\\/logo\\\/image\\\/\",\"url\":\"https:\\\/\\\/www.aqualuxhotel.com\\\/wp-content\\\/uploads\\\/2021\\\/09\\\/aqualuxhotelspasuitebardolino_1-1.svg\",\"contentUrl\":\"https:\\\/\\\/www.aqualuxhotel.com\\\/wp-content\\\/uploads\\\/2021\\\/09\\\/aqualuxhotelspasuitebardolino_1-1.svg\",\"width\":\"1024\",\"height\":\"1024\",\"caption\":\"Aqualux Hotel Suite &amp; SPA 4*\"},\"image\":{\"@id\":\"https:\\\/\\\/www.aqualuxhotel.com\\\/de\\\/#\\\/schema\\\/logo\\\/image\\\/\"}}]}<\/script>\n<!-- \/ Yoast SEO plugin. -->","yoast_head_json":{"title":"Hotel day use con SPA lago di Garda","description":"Day Use Hotel con SPA lago di Garda: Aqualux Hotel 4 stelle, un\u2019oasi di 1000mq dedicata alla cura del benessere dove abbandonarsi al relax","robots":{"index":"index","follow":"follow","max-snippet":"max-snippet:-1","max-image-preview":"max-image-preview:large","max-video-preview":"max-video-preview:-1"},"canonical":"https:\/\/www.aqualuxhotel.com\/de\/day-use\/","og_locale":"de_DE","og_type":"article","og_title":"Hotel day use con SPA lago di Garda","og_description":"Day Use Hotel con SPA lago di Garda: Aqualux Hotel 4 stelle, un\u2019oasi di 1000mq dedicata alla cura del benessere dove abbandonarsi al relax","og_url":"https:\/\/www.aqualuxhotel.com\/de\/day-use\/","og_site_name":"Aqualux Hotel Suite &amp; SPA 4*","article_modified_time":"2026-03-02T10:27:55+00:00","twitter_card":"summary_large_image","twitter_misc":{"Gesch\u00e4tzte Lesezeit":"6\u00a0Minuten"},"schema":{"@context":"https:\/\/schema.org","@graph":[{"@type":"WebPage","@id":"https:\/\/www.aqualuxhotel.com\/de\/day-use\/","url":"https:\/\/www.aqualuxhotel.com\/de\/day-use\/","name":"Hotel day use con SPA lago di Garda","isPartOf":{"@id":"https:\/\/www.aqualuxhotel.com\/de\/#website"},"datePublished":"2024-03-18T09:26:02+00:00","dateModified":"2026-03-02T10:27:55+00:00","description":"Day Use Hotel con SPA lago di Garda: Aqualux Hotel 4 stelle, un\u2019oasi di 1000mq dedicata alla cura del benessere dove abbandonarsi al relax","breadcrumb":{"@id":"https:\/\/www.aqualuxhotel.com\/de\/day-use\/#breadcrumb"},"inLanguage":"de","potentialAction":[{"@type":"ReadAction","target":["https:\/\/www.aqualuxhotel.com\/de\/day-use\/"]}]},{"@type":"BreadcrumbList","@id":"https:\/\/www.aqualuxhotel.com\/de\/day-use\/#breadcrumb","itemListElement":[{"@type":"ListItem","position":1,"name":"Home","item":"https:\/\/www.aqualuxhotel.com\/de\/"},{"@type":"ListItem","position":2,"name":"Day Use"}]},{"@type":"WebSite","@id":"https:\/\/www.aqualuxhotel.com\/de\/#website","url":"https:\/\/www.aqualuxhotel.com\/de\/","name":"Aqualux Hotel Suite &amp; SPA 4*","description":"- Bardolino - Lago di Garda\u200e","publisher":{"@id":"https:\/\/www.aqualuxhotel.com\/de\/#organization"},"potentialAction":[{"@type":"SearchAction","target":{"@type":"EntryPoint","urlTemplate":"https:\/\/www.aqualuxhotel.com\/de\/?s={search_term_string}"},"query-input":{"@type":"PropertyValueSpecification","valueRequired":true,"valueName":"search_term_string"}}],"inLanguage":"de"},{"@type":"Organization","@id":"https:\/\/www.aqualuxhotel.com\/de\/#organization","name":"Aqualux Hotel Suite &amp; SPA 4*","url":"https:\/\/www.aqualuxhotel.com\/de\/","logo":{"@type":"ImageObject","inLanguage":"de","@id":"https:\/\/www.aqualuxhotel.com\/de\/#\/schema\/logo\/image\/","url":"https:\/\/www.aqualuxhotel.com\/wp-content\/uploads\/2021\/09\/aqualuxhotelspasuitebardolino_1-1.svg","contentUrl":"https:\/\/www.aqualuxhotel.com\/wp-content\/uploads\/2021\/09\/aqualuxhotelspasuitebardolino_1-1.svg","width":"1024","height":"1024","caption":"Aqualux Hotel Suite &amp; SPA 4*"},"image":{"@id":"https:\/\/www.aqualuxhotel.com\/de\/#\/schema\/logo\/image\/"}}]}},"publishpress_future_action":{"enabled":false,"date":"2026-05-10 10:23:57","action":"change-status","newStatus":"draft","terms":[],"taxonomy":"translation_priority","extraData":[]},"publishpress_future_workflow_manual_trigger":{"enabledWorkflows":[]},"_links":{"self":[{"href":"https:\/\/www.aqualuxhotel.com\/de\/wp-json\/wp\/v2\/pages\/22072","targetHints":{"allow":["GET"]}}],"collection":[{"href":"https:\/\/www.aqualuxhotel.com\/de\/wp-json\/wp\/v2\/pages"}],"about":[{"href":"https:\/\/www.aqualuxhotel.com\/de\/wp-json\/wp\/v2\/types\/page"}],"author":[{"embeddable":true,"href":"https:\/\/www.aqualuxhotel.com\/de\/wp-json\/wp\/v2\/users\/2"}],"replies":[{"embeddable":true,"href":"https:\/\/www.aqualuxhotel.com\/de\/wp-json\/wp\/v2\/comments?post=22072"}],"version-history":[{"count":5,"href":"https:\/\/www.aqualuxhotel.com\/de\/wp-json\/wp\/v2\/pages\/22072\/revisions"}],"predecessor-version":[{"id":25947,"href":"https:\/\/www.aqualuxhotel.com\/de\/wp-json\/wp\/v2\/pages\/22072\/revisions\/25947"}],"wp:attachment":[{"href":"https:\/\/www.aqualuxhotel.com\/de\/wp-json\/wp\/v2\/media?parent=22072"}],"curies":[{"name":"wp","href":"https:\/\/api.w.org\/{rel}","templated":true}]}}