{"id":23034,"date":"2024-10-02T09:36:52","date_gmt":"2024-10-02T07:36:52","guid":{"rendered":"https:\/\/www.aqualuxhotel.com\/?page_id=23034"},"modified":"2024-10-02T10:44:19","modified_gmt":"2024-10-02T08:44:19","slug":"kurzentrum-bardolino-gardasee","status":"publish","type":"page","link":"https:\/\/www.aqualuxhotel.com\/de\/kurzentrum-bardolino-gardasee\/","title":{"rendered":"THERMAL"},"content":{"rendered":"<div class=\"wpb-content-wrapper\">[vc_row full_width=&#8220;stretch_row_content_no_spaces&#8220; equal_height=&#8220;yes&#8220; content_placement=&#8220;middle&#8220; css=&#8220;.vc_custom_1727422035196{background-color: #f4eee8 !important;}&#8220;][vc_column width=&#8220;1\/2&#8243; css=&#8220;.vc_custom_1727422808660{background-color: #D2CACA6B !important;}&#8220;][vc_single_image image=&#8220;23040&#8243; img_size=&#8220;full&#8220; alignment=&#8220;center&#8220; css=&#8220;&#8220;][\/vc_column][vc_column width=&#8220;1\/2&#8243; thegem_content_alignment=&#8220;center&#8220; css=&#8220;.vc_custom_1727422766692{padding-right: 30px !important;padding-left: 30px !important;background-color: #D2CACA6B !important;}&#8220;][vc_custom_heading text=&#8220;das kurzentrum&#8220; font_container=&#8220;tag:h2|font_size:35|text_align:center&#8220; google_fonts=&#8220;font_family:Montserrat%3Aregular%2Citalic|font_style:500%20regular%3A500%3Anormal&#8220; css=&#8220;.vc_custom_1727857409847{padding-top: 20px !important;}&#8220;][vc_column_text]\n<p style=\"text-align: center;\">Unser New Thermal Care ist ein echtes Spa-Zentrum mit vielen Behandlungen, die Ihrer Gesundheit gewidmet sind.<br \/>\nUnser hochqualifiziertes Personal steht Ihnen zur Verf\u00fcgung, um sorgf\u00e4ltig auf alle Ihre Bed\u00fcrfnisse einzugehen.<br \/>\nVoraussetzung f\u00fcr die Zulassung zur Behandlung ist eine \u00e4rztliche Untersuchung, die im Spa durchgef\u00fchrt wird.<\/p>\n[\/vc_column_text][vc_custom_heading text=&#8220;OSTEOPATHISCHE MANIPULATIVE BEHANDLUNG<br \/>\n&amp;<br \/>\nHYDROKINESE IM THERMALWASSER&#8220; font_container=&#8220;tag:h3|font_size:24|text_align:center&#8220; google_fonts=&#8220;font_family:Montserrat%3Aregular%2Citalic|font_style:500%20regular%3A500%3Anormal&#8220; css=&#8220;&#8220;][\/vc_column][\/vc_row][vc_row][vc_column width=&#8220;1\/6&#8243;][\/vc_column][vc_column width=&#8220;2\/3&#8243; css=&#8220;.vc_custom_1727347861674{background-color: #D2CACA6B !important;border-radius: 20px !important;}&#8220;][vc_column_text css=&#8220;.vc_custom_1727858281545{padding-top: 30px !important;padding-right: 30px !important;padding-bottom: 30px !important;padding-left: 30px !important;}&#8220;]\n<p style=\"text-align: center;\"><span style=\"color: #3c3950; font-family: Montserrat; font-size: 36px; font-weight: bold; letter-spacing: 0.05em; text-transform: uppercase;\">Das Wasser<\/span><\/p>\n<div id=\"comp-jdyf3lrw\" class=\"comp-jdyf3lrw wixui-vector-image\" style=\"text-align: center;\" data-motion-enter=\"done\">\n<div class=\"AKxYR5 VZYmYf comp-jdyf3lrw\" style=\"text-align: left;\" data-testid=\"svgRoot-comp-jdyf3lrw\"><span class=\"color_35 wixui-rich-text__text\"><span class=\"wixui-rich-text__text\">Das Mineralwasser der Quelle San Severo gilt als \u201emittelmineralisch, kalt, bakteriologisch rein mit Kalzium, Magnesium und Bikarbonaten als vorherrschenden Mineralien\u201c.<\/span><\/span><\/div>\n<\/div>\n<div id=\"comp-jdyelo5q\" class=\"HcOXKn SxM0TO QxJLC3 lq2cno comp-jdyelo5q wixui-rich-text\" data-testid=\"richTextElement\" data-motion-enter=\"done\">\n<p class=\"font_8 wixui-rich-text__text\" style=\"text-align: left;\"><span class=\"color_35 wixui-rich-text__text\"><span class=\"wixui-rich-text__text\">Diese Eigenschaften weisen auf den Einsatz als Balneotherapie bei Hauterkrankungen hin wie:<\/span><\/span><\/p>\n<ul>\n<li class=\"font_8 wixui-rich-text__text\" style=\"text-align: left;\"><span class=\"color_35 wixui-rich-text__text\"><span class=\"wixui-rich-text__text\"><span class=\"wixGuard wixui-rich-text__text\">\u25cf \u200bPsoriasis in der Ruhephase<br \/>\n(ausgenommen postulose und erythrodermische Formen)<\/span><\/span><\/span><span class=\"color_35 wixui-rich-text__text\"><span class=\"wixui-rich-text__text\">\u00a0<\/span><\/span><\/li>\n<li class=\"font_8 wixui-rich-text__text\" style=\"text-align: left;\"><span class=\"color_35 wixui-rich-text__text\"><span class=\"wixui-rich-text__text\">\u25cf Ekzeme und atopische Dermatitis:<br \/>\n<\/span><\/span><span class=\"color_35 wixui-rich-text__text\"><span class=\"wixui-rich-text__text\">\u25cf Konstitutionelles Ekzem \u2013 Kontaktekzem<br \/>\n<\/span><\/span><span class=\"color_35 wixui-rich-text__text\"><span class=\"wixui-rich-text__text\">\u25cf Allergische Dermatitis<br \/>\n(ausgenommen akute vesikul\u00e4re und exsudative Formen)<\/span><\/span><\/li>\n<li class=\"font_8 wixui-rich-text__text\" style=\"text-align: left;\"><span class=\"color_35 wixui-rich-text__text\"><span class=\"wixui-rich-text__text\">\u25cf Wiederkehrende seborrhoische Dermatitis<\/span><\/span><\/li>\n<li class=\"font_8 wixui-rich-text__text\" style=\"text-align: left;\"><span class=\"color_35 wixui-rich-text__text\"><span class=\"wixui-rich-text__text\">\u25cf Akne<\/span><\/span><\/li>\n<\/ul>\n<\/div>\n[\/vc_column_text][\/vc_column][vc_column width=&#8220;1\/6&#8243;][\/vc_column][\/vc_row][vc_row full_width=&#8220;stretch_row&#8220; css=&#8220;.vc_custom_1707903198011{background-color: #f4eee8 !important;}&#8220;][vc_column][vc_row_inner css=&#8220;.vc_custom_1647339839286{padding-bottom: 20px !important;}&#8220;][vc_column_inner width=&#8220;1\/3&#8243;][vc_custom_heading text=&#8220;STARTER THERMAL CARE&#8220; font_container=&#8220;tag:h3|font_size:20|text_align:left|color:%23729aa7&#8243; google_fonts=&#8220;font_family:Montserrat%3Aregular%2Citalic|font_style:600%20regular%3A600%3Anormal&#8220;][vc_single_image image=&#8220;15970&#8243; img_size=&#8220;full&#8220;][vc_tta_accordion active_section=&#8220;5&#8243; collapsible_all=&#8220;true&#8220;][vc_tta_section i_type=&#8220;material&#8220; add_icon=&#8220;true&#8220; title=&#8220;Klicken und entdecken&#8220; tab_id=&#8220;1707901561383-b98ca90d-8e3f&#8220; i_icon_material=&#8220;gem-print-icon gem-icon-pack-material mdi-eye&#8220;][vc_column_text]\u2022 Medizinische Untersuchung<br \/>\n\u2022 Balneotherapie im Thermalwasser<\/p>\n<p>72 \u20ac pro Person<\/p>\n<p>*Beim Kauf eines unserer Spezialpakete ab 5 Thermen erhalten Sie eine R\u00fcckerstattung von 22 \u20ac[\/vc_column_text][\/vc_tta_section][\/vc_tta_accordion][\/vc_column_inner][vc_column_inner width=&#8220;1\/3&#8243;][vc_custom_heading text=&#8220;BATH THERMAL CARE&#8220; font_container=&#8220;tag:h3|font_size:20|text_align:left|color:%23729aa7&#8243; google_fonts=&#8220;font_family:Montserrat%3Aregular%2Citalic|font_style:600%20regular%3A600%3Anormal&#8220;][vc_single_image image=&#8220;17924&#8243; img_size=&#8220;full&#8220;][vc_tta_accordion active_section=&#8220;6&#8243; collapsible_all=&#8220;true&#8220;][vc_tta_section i_type=&#8220;material&#8220; add_icon=&#8220;true&#8220; title=&#8220;Klicken und entdecken&#8220; tab_id=&#8220;1707901561677-646739c7-3072&#8243; i_icon_material=&#8220;gem-print-icon gem-icon-pack-material mdi-eye&#8220;][vc_column_text]<strong>BALNEOTHERAPIE: SPEZIELLE PAKETE<\/strong><\/p>\n<p><strong>\u2022 Thermal Care 5 Badezimmer<\/strong><br \/>\n110 \u20ac &#8211; 10 % Rabatt =&gt; 99 \u20ac pro Person<br \/>\n<strong>\u2022 Thermalpflege 10 B\u00e4der<\/strong><br \/>\n220 \u20ac -20 % Rabatt =&gt; 176 \u20ac pro Person<br \/>\n<strong>\u2022 Thermalpflege 15 B\u00e4der<\/strong><br \/>\n330 \u20ac -20 % Rabatt =&gt; 264 \u20ac pro Person[\/vc_column_text][\/vc_tta_section][\/vc_tta_accordion][\/vc_column_inner][vc_column_inner width=&#8220;1\/3&#8243;][vc_custom_heading text=&#8220;THERMAL CARE 360\u00b0&#8220; font_container=&#8220;tag:h3|font_size:20|text_align:left|color:%23729aa7&#8243; google_fonts=&#8220;font_family:Montserrat%3Aregular%2Citalic|font_style:600%20regular%3A600%3Anormal&#8220;][vc_single_image image=&#8220;15982&#8243; img_size=&#8220;full&#8220;][vc_tta_accordion active_section=&#8220;50&#8243; collapsible_all=&#8220;true&#8220;][vc_tta_section i_type=&#8220;material&#8220; add_icon=&#8220;true&#8220; title=&#8220;Klicken und entdecken&#8220; tab_id=&#8220;1707901561909-42767158-bad7&#8243; i_icon_material=&#8220;gem-print-icon gem-icon-pack-material mdi-eye&#8220;][vc_column_text]\u2022 Medizinische Untersuchung<br \/>\n\u2022 Balneotherapie im Thermalwasser<br \/>\n\u2022 Personalisierte Massage (50&#8242;)<\/p>\n<p>138 \u20ac pro Person[\/vc_column_text][\/vc_tta_section][\/vc_tta_accordion][\/vc_column_inner][\/vc_row_inner][\/vc_column][\/vc_row][vc_row][vc_column width=&#8220;1\/4&#8243;][\/vc_column][vc_column width=&#8220;1\/2&#8243;][vc_message style=&#8220;square&#8220; message_box_color=&#8220;grey&#8220; icon_fontawesome=&#8220;fas fa-gifts&#8220; css=&#8220;&#8220; el_class=&#8220;contendesk&#8220;]\n<h5><a href=\"https:\/\/www.aqualuxhotel.com\/wp-content\/uploads\/2024\/10\/aqualux-cure-termali.pdf\" target=\"_blank\" rel=\"noopener\">LADEN SIE DIE SPA-PFLEGE-BROSCH\u00dcRE HERUNTER &gt;<\/a><\/h5>\n[\/vc_message][vc_message style=&#8220;square&#8220; message_box_color=&#8220;grey&#8220; icon_fontawesome=&#8220;fas fa-gifts&#8220; css=&#8220;&#8220; el_class=&#8220;contenmobile&#8220;]\n<h5><a href=\"https:\/\/www.aqualuxhotel.com\/wp-content\/uploads\/2024\/10\/aqualux-cure-termali.pdf\" target=\"_blank\" rel=\"noopener\">LADEN SIE DIE SPA-PFLEGE-BROSCH\u00dcRE HERUNTER &gt;<\/a><\/h5>\n[\/vc_message][\/vc_column][vc_column width=&#8220;1\/4&#8243;][\/vc_column][\/vc_row]\n<\/div>","protected":false},"excerpt":{"rendered":"<p>[vc_row full_width=&#8220;stretch_row_content_no_spaces&#8220; equal_height=&#8220;yes&#8220; content_placement=&#8220;middle&#8220; css=&#8220;.vc_custom_1727422035196{background-color: #f4eee8 !important;}&#8220;][vc_column width=&#8220;1\/2&#8243; css=&#8220;.vc_custom_1727422808660{background-color: #D2CACA6B !important;}&#8220;][vc_single_image image=&#8220;23040&#8243; img_size=&#8220;full&#8220; alignment=&#8220;center&#8220; css=&#8220;&#8220;][\/vc_column][vc_column width=&#8220;1\/2&#8243; thegem_content_alignment=&#8220;center&#8220; css=&#8220;.vc_custom_1727422766692{padding-right: 30px !important;padding-left:&#8230;<\/p>\n","protected":false},"author":4,"featured_media":0,"parent":0,"menu_order":0,"comment_status":"closed","ping_status":"closed","template":"","meta":{"_acf_changed":false,"inline_featured_image":false,"footnotes":""},"class_list":["post-23034","page","type-page","status-publish"],"acf":[],"yoast_head":"<!-- This site is optimized with the Yoast SEO plugin v27.5 - https:\/\/yoast.com\/product\/yoast-seo-wordpress\/ -->\n<title>Thermalzentrum Bardolino am Gardasee<\/title>\n<meta name=\"description\" content=\"Thermalzentrum Bardolino am Gardasee\" \/>\n<meta name=\"robots\" content=\"index, follow, max-snippet:-1, max-image-preview:large, max-video-preview:-1\" \/>\n<link rel=\"canonical\" href=\"https:\/\/www.aqualuxhotel.com\/de\/kurzentrum-bardolino-gardasee\/\" \/>\n<meta property=\"og:locale\" content=\"de_DE\" \/>\n<meta property=\"og:type\" content=\"article\" \/>\n<meta property=\"og:title\" content=\"Thermalzentrum Bardolino am Gardasee\" \/>\n<meta property=\"og:description\" content=\"Thermalzentrum Bardolino am Gardasee\" \/>\n<meta property=\"og:url\" content=\"https:\/\/www.aqualuxhotel.com\/de\/kurzentrum-bardolino-gardasee\/\" \/>\n<meta property=\"og:site_name\" content=\"Aqualux Hotel Suite &amp; SPA 4*\" \/>\n<meta property=\"article:modified_time\" content=\"2024-10-02T08:44:19+00:00\" \/>\n<meta name=\"twitter:card\" content=\"summary_large_image\" \/>\n<meta name=\"twitter:label1\" content=\"Gesch\u00e4tzte Lesezeit\" \/>\n\t<meta name=\"twitter:data1\" content=\"3\u00a0Minuten\" \/>\n<script type=\"application\/ld+json\" class=\"yoast-schema-graph\">{\"@context\":\"https:\\\/\\\/schema.org\",\"@graph\":[{\"@type\":\"WebPage\",\"@id\":\"https:\\\/\\\/www.aqualuxhotel.com\\\/de\\\/kurzentrum-bardolino-gardasee\\\/\",\"url\":\"https:\\\/\\\/www.aqualuxhotel.com\\\/de\\\/kurzentrum-bardolino-gardasee\\\/\",\"name\":\"Thermalzentrum Bardolino am Gardasee\",\"isPartOf\":{\"@id\":\"https:\\\/\\\/www.aqualuxhotel.com\\\/de\\\/#website\"},\"datePublished\":\"2024-10-02T07:36:52+00:00\",\"dateModified\":\"2024-10-02T08:44:19+00:00\",\"description\":\"Thermalzentrum Bardolino am Gardasee\",\"breadcrumb\":{\"@id\":\"https:\\\/\\\/www.aqualuxhotel.com\\\/de\\\/kurzentrum-bardolino-gardasee\\\/#breadcrumb\"},\"inLanguage\":\"de\",\"potentialAction\":[{\"@type\":\"ReadAction\",\"target\":[\"https:\\\/\\\/www.aqualuxhotel.com\\\/de\\\/kurzentrum-bardolino-gardasee\\\/\"]}]},{\"@type\":\"BreadcrumbList\",\"@id\":\"https:\\\/\\\/www.aqualuxhotel.com\\\/de\\\/kurzentrum-bardolino-gardasee\\\/#breadcrumb\",\"itemListElement\":[{\"@type\":\"ListItem\",\"position\":1,\"name\":\"Home\",\"item\":\"https:\\\/\\\/www.aqualuxhotel.com\\\/de\\\/\"},{\"@type\":\"ListItem\",\"position\":2,\"name\":\"THERMAL\"}]},{\"@type\":\"WebSite\",\"@id\":\"https:\\\/\\\/www.aqualuxhotel.com\\\/de\\\/#website\",\"url\":\"https:\\\/\\\/www.aqualuxhotel.com\\\/de\\\/\",\"name\":\"Aqualux Hotel Suite &amp; SPA 4*\",\"description\":\"- Bardolino - Lago di Garda\u200e\",\"publisher\":{\"@id\":\"https:\\\/\\\/www.aqualuxhotel.com\\\/de\\\/#organization\"},\"potentialAction\":[{\"@type\":\"SearchAction\",\"target\":{\"@type\":\"EntryPoint\",\"urlTemplate\":\"https:\\\/\\\/www.aqualuxhotel.com\\\/de\\\/?s={search_term_string}\"},\"query-input\":{\"@type\":\"PropertyValueSpecification\",\"valueRequired\":true,\"valueName\":\"search_term_string\"}}],\"inLanguage\":\"de\"},{\"@type\":\"Organization\",\"@id\":\"https:\\\/\\\/www.aqualuxhotel.com\\\/de\\\/#organization\",\"name\":\"Aqualux Hotel Suite &amp; SPA 4*\",\"url\":\"https:\\\/\\\/www.aqualuxhotel.com\\\/de\\\/\",\"logo\":{\"@type\":\"ImageObject\",\"inLanguage\":\"de\",\"@id\":\"https:\\\/\\\/www.aqualuxhotel.com\\\/de\\\/#\\\/schema\\\/logo\\\/image\\\/\",\"url\":\"https:\\\/\\\/www.aqualuxhotel.com\\\/wp-content\\\/uploads\\\/2021\\\/09\\\/aqualuxhotelspasuitebardolino_1-1.svg\",\"contentUrl\":\"https:\\\/\\\/www.aqualuxhotel.com\\\/wp-content\\\/uploads\\\/2021\\\/09\\\/aqualuxhotelspasuitebardolino_1-1.svg\",\"width\":\"1024\",\"height\":\"1024\",\"caption\":\"Aqualux Hotel Suite &amp; SPA 4*\"},\"image\":{\"@id\":\"https:\\\/\\\/www.aqualuxhotel.com\\\/de\\\/#\\\/schema\\\/logo\\\/image\\\/\"}}]}<\/script>\n<!-- \/ Yoast SEO plugin. -->","yoast_head_json":{"title":"Thermalzentrum Bardolino am Gardasee","description":"Thermalzentrum Bardolino am Gardasee","robots":{"index":"index","follow":"follow","max-snippet":"max-snippet:-1","max-image-preview":"max-image-preview:large","max-video-preview":"max-video-preview:-1"},"canonical":"https:\/\/www.aqualuxhotel.com\/de\/kurzentrum-bardolino-gardasee\/","og_locale":"de_DE","og_type":"article","og_title":"Thermalzentrum Bardolino am Gardasee","og_description":"Thermalzentrum Bardolino am Gardasee","og_url":"https:\/\/www.aqualuxhotel.com\/de\/kurzentrum-bardolino-gardasee\/","og_site_name":"Aqualux Hotel Suite &amp; SPA 4*","article_modified_time":"2024-10-02T08:44:19+00:00","twitter_card":"summary_large_image","twitter_misc":{"Gesch\u00e4tzte Lesezeit":"3\u00a0Minuten"},"schema":{"@context":"https:\/\/schema.org","@graph":[{"@type":"WebPage","@id":"https:\/\/www.aqualuxhotel.com\/de\/kurzentrum-bardolino-gardasee\/","url":"https:\/\/www.aqualuxhotel.com\/de\/kurzentrum-bardolino-gardasee\/","name":"Thermalzentrum Bardolino am Gardasee","isPartOf":{"@id":"https:\/\/www.aqualuxhotel.com\/de\/#website"},"datePublished":"2024-10-02T07:36:52+00:00","dateModified":"2024-10-02T08:44:19+00:00","description":"Thermalzentrum Bardolino am Gardasee","breadcrumb":{"@id":"https:\/\/www.aqualuxhotel.com\/de\/kurzentrum-bardolino-gardasee\/#breadcrumb"},"inLanguage":"de","potentialAction":[{"@type":"ReadAction","target":["https:\/\/www.aqualuxhotel.com\/de\/kurzentrum-bardolino-gardasee\/"]}]},{"@type":"BreadcrumbList","@id":"https:\/\/www.aqualuxhotel.com\/de\/kurzentrum-bardolino-gardasee\/#breadcrumb","itemListElement":[{"@type":"ListItem","position":1,"name":"Home","item":"https:\/\/www.aqualuxhotel.com\/de\/"},{"@type":"ListItem","position":2,"name":"THERMAL"}]},{"@type":"WebSite","@id":"https:\/\/www.aqualuxhotel.com\/de\/#website","url":"https:\/\/www.aqualuxhotel.com\/de\/","name":"Aqualux Hotel Suite &amp; SPA 4*","description":"- Bardolino - Lago di Garda\u200e","publisher":{"@id":"https:\/\/www.aqualuxhotel.com\/de\/#organization"},"potentialAction":[{"@type":"SearchAction","target":{"@type":"EntryPoint","urlTemplate":"https:\/\/www.aqualuxhotel.com\/de\/?s={search_term_string}"},"query-input":{"@type":"PropertyValueSpecification","valueRequired":true,"valueName":"search_term_string"}}],"inLanguage":"de"},{"@type":"Organization","@id":"https:\/\/www.aqualuxhotel.com\/de\/#organization","name":"Aqualux Hotel Suite &amp; SPA 4*","url":"https:\/\/www.aqualuxhotel.com\/de\/","logo":{"@type":"ImageObject","inLanguage":"de","@id":"https:\/\/www.aqualuxhotel.com\/de\/#\/schema\/logo\/image\/","url":"https:\/\/www.aqualuxhotel.com\/wp-content\/uploads\/2021\/09\/aqualuxhotelspasuitebardolino_1-1.svg","contentUrl":"https:\/\/www.aqualuxhotel.com\/wp-content\/uploads\/2021\/09\/aqualuxhotelspasuitebardolino_1-1.svg","width":"1024","height":"1024","caption":"Aqualux Hotel Suite &amp; SPA 4*"},"image":{"@id":"https:\/\/www.aqualuxhotel.com\/de\/#\/schema\/logo\/image\/"}}]}},"publishpress_future_action":{"enabled":false,"date":"2026-05-09 10:33:51","action":"change-status","newStatus":"draft","terms":[],"taxonomy":"translation_priority","extraData":[]},"publishpress_future_workflow_manual_trigger":{"enabledWorkflows":[]},"_links":{"self":[{"href":"https:\/\/www.aqualuxhotel.com\/de\/wp-json\/wp\/v2\/pages\/23034","targetHints":{"allow":["GET"]}}],"collection":[{"href":"https:\/\/www.aqualuxhotel.com\/de\/wp-json\/wp\/v2\/pages"}],"about":[{"href":"https:\/\/www.aqualuxhotel.com\/de\/wp-json\/wp\/v2\/types\/page"}],"author":[{"embeddable":true,"href":"https:\/\/www.aqualuxhotel.com\/de\/wp-json\/wp\/v2\/users\/4"}],"replies":[{"embeddable":true,"href":"https:\/\/www.aqualuxhotel.com\/de\/wp-json\/wp\/v2\/comments?post=23034"}],"version-history":[{"count":5,"href":"https:\/\/www.aqualuxhotel.com\/de\/wp-json\/wp\/v2\/pages\/23034\/revisions"}],"predecessor-version":[{"id":23098,"href":"https:\/\/www.aqualuxhotel.com\/de\/wp-json\/wp\/v2\/pages\/23034\/revisions\/23098"}],"wp:attachment":[{"href":"https:\/\/www.aqualuxhotel.com\/de\/wp-json\/wp\/v2\/media?parent=23034"}],"curies":[{"name":"wp","href":"https:\/\/api.w.org\/{rel}","templated":true}]}}